{"id":613,"date":"2023-02-13T03:20:48","date_gmt":"2023-02-13T02:20:48","guid":{"rendered":"https:\/\/finsamorebrolan.se\/degerfors-karlskoga\/?page_id=613"},"modified":"2023-02-14T19:30:08","modified_gmt":"2023-02-14T18:30:08","slug":"avslutade-insatser","status":"publish","type":"page","link":"https:\/\/finsamorebrolan.se\/degerfors-karlskoga\/avslutade-insatser\/","title":{"rendered":"Avslutade insatser"},"content":{"rendered":"<div class=\"alignwide-wrap\" data-block=\"latest-posts\"><div class=\"wp-block-latest-posts__alignwide-wrap alignwide\"><ul class=\"wp-block-latest-posts__list is-grid columns-3 alignwide wp-block-latest-posts\"><li><a class=\"wp-block-latest-posts__post-title\" href=\"https:\/\/finsamorebrolan.se\/degerfors-karlskoga\/bip-och-vta-projektet-esf-finansierat\/\">BIP och VTA projektet \u2013 ESF finansierat<\/a><div class=\"wp-block-latest-posts__post-excerpt\"><div class=\"entry-summary\">\n<div class=\"entry-summary\">\nBIP projektet avslutades 2023-02-28. (Beskeftigelse indikatorprojekt, d\u00e4r Beskeftigelse betyder syssels\u00e4ttning) \/tillsammans med de andra f\u00f6rbunden i \u00d6rebro l\u00e4n, samt Centrala \u00d6sterg\u00f6tlands f\u00f6rbund som \u00e4r projekt\u00e4gare. Fr\u00e5n Degerfors och Karlskoga utbildades handl\u00e4ggare fr\u00e5n f\u00f6rs\u00f6rjningsenheten samt Coachingteamets coacher i BIP metodiken. Vaeksthusets forskningsprojekt fr\u00e5n K\u00f6penhamn har genom att intervjua 4000 arbetsl\u00f6sa under ett antal \u00e5r kartlagt olika&hellip;\n<\/div>\n<div class=\"link-more-container\"><a href=\"https:\/\/finsamorebrolan.se\/degerfors-karlskoga\/bip-och-vta-projektet-esf-finansierat\/\" class=\"link-more\" aria-label=\"L\u00e4s mer BIP och VTA projektet \u2013 ESF finansierat\">L\u00e4s mer &hellip;<\/a><\/div>\n\n<\/div><div class=\"link-more-container\"><a href=\"https:\/\/finsamorebrolan.se\/degerfors-karlskoga\/bip-och-vta-projektet-esf-finansierat\/\" class=\"link-more\" aria-label=\"L\u00e4s mer BIP och VTA projektet \u2013 ESF finansierat\">L\u00e4s mer &hellip;<\/a><\/div><\/div><\/li>\n<li><a class=\"wp-block-latest-posts__post-title\" href=\"https:\/\/finsamorebrolan.se\/degerfors-karlskoga\/studiesparet-esf\/\">Studiesp\u00e5ret ESF<\/a><div class=\"wp-block-latest-posts__post-excerpt\"><div class=\"entry-summary\">\nStatus\u00a0\u00a0 Avslutat\u00c5r\u00a0\u00a0\u00a0\u00a0\u00a0\u00a0\u00a0\u00a0\u00a0\u00a0 2021-02-01 \u2013 2023-02-28Plats\u00a0\u00a0\u00a0\u00a0 Karlskoga\/ DegerforsTyp\u00a0\u00a0\u00a0\u00a0\u00a0\u00a0\u00a0\u00a0 ESF-projekt Om Insatsen Studiesp\u00e5ret var ett samverkansprojekt mellan vuxnas l\u00e4rande, gymnasieskolan, socialf\u00f6rvaltningen Karlskoga och Degerfors kommuner och den Finsamfinansierade samverkansarenan Coachingteamet. Projektm\u00e5let var att via samverkan mellan Karlskoga och Degerfors kommuner samt samordningsf\u00f6rbundet bidra till en minskad arbetsl\u00f6shet bland unga vuxna. Projektet tar avstamp fr\u00e5n tidigare erfarenheter fr\u00e5n&hellip;\n<\/div><div class=\"link-more-container\"><a href=\"https:\/\/finsamorebrolan.se\/degerfors-karlskoga\/studiesparet-esf\/\" class=\"link-more\" aria-label=\"L\u00e4s mer Studiesp\u00e5ret ESF\">L\u00e4s mer &hellip;<\/a><\/div><\/div><\/li>\n<li><a class=\"wp-block-latest-posts__post-title\" href=\"https:\/\/finsamorebrolan.se\/degerfors-karlskoga\/spraka-i-samverkan\/\">Spr\u00e5ka i samverkan<\/a><div class=\"wp-block-latest-posts__post-excerpt\"><div class=\"entry-summary\">\nSpr\u00e5ka i samverkan Medfinansieras av Europeiska unionen via Europeiska socialfonden. Status\u00a0\u00a0 Avslutat\u00c5r\u00a0\u00a0\u00a0\u00a0\u00a0\u00a0\u00a0\u00a0\u00a0\u00a0 2020-01-01 \u2013 2022-06-30Plats\u00a0\u00a0\u00a0\u00a0 Karlskoga\/ Degerfors Typ\u00a0\u00a0\u00a0\u00a0\u00a0\u00a0\u00a0\u00a0 ESF-projekt Om Insatsen Spr\u00e5ka i samverkan var ett unikt projekt mellan det Finsamfinansierade individaninriktade samverkansarenan Coachingteamet och den etablerade civilsamh\u00e4llesorganisationen M\u00f6ckelnf\u00f6reningarna. Att ett lagstadgat samordningsf\u00f6rbund ing\u00e5r i ett gemensamt initiativ med en, f\u00f6r Sverige unik, paraplyorganisation f\u00f6r&hellip;\n<\/div><div class=\"link-more-container\"><a href=\"https:\/\/finsamorebrolan.se\/degerfors-karlskoga\/spraka-i-samverkan\/\" class=\"link-more\" aria-label=\"L\u00e4s mer Spr\u00e5ka i samverkan\">L\u00e4s mer &hellip;<\/a><\/div><\/div><\/li>\n<\/ul><\/div><\/div>","protected":false},"excerpt":{"rendered":"<div class=\"link-more-container\"><a href=\"https:\/\/finsamorebrolan.se\/degerfors-karlskoga\/avslutade-insatser\/\" class=\"link-more\" aria-label=\"L\u00e4s mer Avslutade insatser\">L\u00e4s mer &hellip;<\/a><\/div>\n","protected":false},"author":1,"featured_media":0,"parent":0,"menu_order":0,"comment_status":"closed","ping_status":"closed","template":"","meta":{"_crdt_document":"","_coblocks_attr":"","_coblocks_dimensions":"","_coblocks_responsive_height":"","_coblocks_accordion_ie_support":"","footnotes":""},"class_list":["post-613","page","type-page","status-publish","hentry","entry","entry-type-page"],"_links":{"self":[{"href":"https:\/\/finsamorebrolan.se\/degerfors-karlskoga\/wp-json\/wp\/v2\/pages\/613","targetHints":{"allow":["GET"]}}],"collection":[{"href":"https:\/\/finsamorebrolan.se\/degerfors-karlskoga\/wp-json\/wp\/v2\/pages"}],"about":[{"href":"https:\/\/finsamorebrolan.se\/degerfors-karlskoga\/wp-json\/wp\/v2\/types\/page"}],"author":[{"embeddable":true,"href":"https:\/\/finsamorebrolan.se\/degerfors-karlskoga\/wp-json\/wp\/v2\/users\/1"}],"replies":[{"embeddable":true,"href":"https:\/\/finsamorebrolan.se\/degerfors-karlskoga\/wp-json\/wp\/v2\/comments?post=613"}],"version-history":[{"count":0,"href":"https:\/\/finsamorebrolan.se\/degerfors-karlskoga\/wp-json\/wp\/v2\/pages\/613\/revisions"}],"wp:attachment":[{"href":"https:\/\/finsamorebrolan.se\/degerfors-karlskoga\/wp-json\/wp\/v2\/media?parent=613"}],"curies":[{"name":"wp","href":"https:\/\/api.w.org\/{rel}","templated":true}]}}